{"id":679,"date":"2025-12-03T17:05:17","date_gmt":"2025-12-03T17:05:17","guid":{"rendered":"https:\/\/alte-kelter-winnenden.de\/willkommen\/?post_type=tribe_events&#038;p=679"},"modified":"2025-12-03T17:05:17","modified_gmt":"2025-12-03T17:05:17","slug":"trio-pinheiro","status":"publish","type":"tribe_events","link":"https:\/\/alte-kelter-winnenden.de\/willkommen\/event\/trio-pinheiro\/","title":{"rendered":"Trio Pinheiro"},"content":{"rendered":"<h5><strong>Trio Pinheiro mit Klara Fabry<\/strong><\/h5>\n<p>Klaras klangvolle Klarinette wird nach Jahren wieder in Winnenden zu h\u00f6ren sein. Als Klezmermusikerin ist Klara Fabry (geborene Schmitzer)\u00a0 bekannt durch \u201eWinnenden liest\u201cund Auftritte im Waiblinger \u201eSchwanen\u201c. Am Sonntag, 26. April 2026, um 11 Uhr (Einlass ab 10.30 Uhr) ist sie bei der Jazzmatinee im Theater Alte Kelter als Mitglied des Trio Pinheiro zu h\u00f6ren. Anna von Koch (Cello), Eduardo Pinheiro (Gitarrre) und Klara Fabry (Klarinette) mischen Klassik, Jazz, brasilianische Einfl\u00fcsse und Klezmerelemente.\u00a0\u00a0 Der versierte und feinsinnige brasilianisch-deutsche Gitarrist Eduardo Pinheiro arrangiert Latin Jazz, brasilianische T\u00e4nze und Klezmer-Titel f\u00fcr das Trio und f\u00fcgt dem eigene Kompositionen hinzu.<\/p>\n","protected":false},"excerpt":{"rendered":"<p>Trio Pinheiro mit Klara Fabry Klaras klangvolle Klarinette wird nach Jahren wieder in Winnenden zu h\u00f6ren sein. Als Klezmermusikerin ist Klara Fabry (geborene Schmitzer)\u00a0 bekannt durch \u201eWinnenden liest\u201cund Auftritte im [&hellip;]<\/p>\n","protected":false},"author":3,"featured_media":286,"template":"","meta":{"_EventAllDay":false,"_EventTimezone":"UTC+0","_EventStartDate":"2026-04-26 11:00:00","_EventEndDate":"2026-04-26 13:30:00","_EventStartDateUTC":"2026-04-26 11:00:00","_EventEndDateUTC":"2026-04-26 13:30:00","_EventShowMap":false,"_EventShowMapLink":true,"_EventURL":"","_EventCost":"15","_EventCostDescription":"","_EventCurrencySymbol":"\u20ac","_EventCurrencyCode":"EUR","_EventCurrencyPosition":"prefix","_EventDateTimeSeparator":"","_EventTimeRangeSeparator":"","_EventOrganizerID":[630],"_EventVenueID":[532],"_OrganizerEmail":"","_OrganizerPhone":"","_OrganizerWebsite":"","_VenueAddress":"","_VenueCity":"","_VenueCountry":"","_VenueProvince":"","_VenueState":"","_VenueZip":"","_VenuePhone":"","_VenueURL":"","_VenueStateProvince":"","_VenueLat":"","_VenueLng":"","_VenueShowMap":false,"_VenueShowMapLink":false,"_tribe_blocks_recurrence_rules":"","_tribe_blocks_recurrence_description":"","_tribe_blocks_recurrence_exclusions":"","_tribe_events_status":"","_tribe_events_status_reason":"","_tribe_events_is_hybrid":"","_tribe_events_is_virtual":"","_tribe_events_virtual_video_source":"","_tribe_events_virtual_embed_video":"","_tribe_events_virtual_linked_button_text":"","_tribe_events_virtual_linked_button":"","_tribe_events_virtual_show_embed_at":"","_tribe_events_virtual_show_embed_to":[],"_tribe_events_virtual_show_on_event":"","_tribe_events_virtual_show_on_views":"","_tribe_events_virtual_url":"","footnotes":""},"tags":[],"tribe_events_cat":[19],"class_list":["post-679","tribe_events","type-tribe_events","status-publish","has-post-thumbnail","hentry","tribe_events_cat-jazz-matinee","cat_jazz-matinee"],"_links":{"self":[{"href":"https:\/\/alte-kelter-winnenden.de\/willkommen\/wp-json\/wp\/v2\/tribe_events\/679","targetHints":{"allow":["GET"]}}],"collection":[{"href":"https:\/\/alte-kelter-winnenden.de\/willkommen\/wp-json\/wp\/v2\/tribe_events"}],"about":[{"href":"https:\/\/alte-kelter-winnenden.de\/willkommen\/wp-json\/wp\/v2\/types\/tribe_events"}],"author":[{"embeddable":true,"href":"https:\/\/alte-kelter-winnenden.de\/willkommen\/wp-json\/wp\/v2\/users\/3"}],"version-history":[{"count":1,"href":"https:\/\/alte-kelter-winnenden.de\/willkommen\/wp-json\/wp\/v2\/tribe_events\/679\/revisions"}],"predecessor-version":[{"id":680,"href":"https:\/\/alte-kelter-winnenden.de\/willkommen\/wp-json\/wp\/v2\/tribe_events\/679\/revisions\/680"}],"wp:featuredmedia":[{"embeddable":true,"href":"https:\/\/alte-kelter-winnenden.de\/willkommen\/wp-json\/wp\/v2\/media\/286"}],"wp:attachment":[{"href":"https:\/\/alte-kelter-winnenden.de\/willkommen\/wp-json\/wp\/v2\/media?parent=679"}],"wp:term":[{"taxonomy":"post_tag","embeddable":true,"href":"https:\/\/alte-kelter-winnenden.de\/willkommen\/wp-json\/wp\/v2\/tags?post=679"},{"taxonomy":"tribe_events_cat","embeddable":true,"href":"https:\/\/alte-kelter-winnenden.de\/willkommen\/wp-json\/wp\/v2\/tribe_events_cat?post=679"}],"curies":[{"name":"wp","href":"https:\/\/api.w.org\/{rel}","templated":true}]}}