{"id":41,"date":"2025-03-05T15:46:51","date_gmt":"2025-03-05T15:46:51","guid":{"rendered":"https:\/\/alte-kelter-winnenden.de\/?page_id=41"},"modified":"2025-03-06T10:16:29","modified_gmt":"2025-03-06T10:16:29","slug":"nutzung-der-alten-kelter","status":"publish","type":"page","link":"https:\/\/alte-kelter-winnenden.de\/willkommen\/nutzung-der-alten-kelter\/","title":{"rendered":"Nutzung der Alten Kelter"},"content":{"rendered":"\n<figure class=\"wp-block-image alignleft size-full\"><img loading=\"lazy\" decoding=\"async\" width=\"287\" height=\"326\" src=\"https:\/\/alte-kelter-winnenden.de\/wp-content\/uploads\/2025\/03\/FV_Alte_Kelter_Grundriss.gif\" alt=\"Alte Kelter Winnenden \u00b7 Grundriss S\u00fcdkelter\" class=\"wp-image-53\"\/><figcaption class=\"wp-element-caption\">Alte Kelter Winnenden \u00b7 Grundriss S\u00fcdkelter<\/figcaption><\/figure>\n\n\n\n<p>Die R\u00e4umlichkeiten in der Alten Kelter Winnenden stehen den Mitgliedern unseres gemeinn\u00fctzigen und am Gemeinwohl orientierten Vereins zur nicht-kommerziellen Nutzung zur Verf\u00fcgung.<\/p>\n\n\n\n<p>In diesem Sinne dienen die R\u00e4umlichkeiten der F\u00f6rderung und St\u00e4rkung des kulturellen Lebens in der Stadt Winnenden.<\/p>\n\n\n\n<p>Die Nutzung der Alten Kelter unterliegt klaren Regeln, deren Beachtung und Einhaltung unerl\u00e4sslich ist.<\/p>\n\n\n\n<p>Kontakt: <a href=\"mailto:vermietungen@alte-kelter-winnenden.de\" target=\"_blank\" rel=\"noreferrer noopener\">vermietungen@alte-kelter-winnenden.de<\/a><\/p>\n\n\n\n<figure class=\"wp-block-image size-large\"><img loading=\"lazy\" decoding=\"async\" width=\"1024\" height=\"384\" src=\"https:\/\/alte-kelter-winnenden.de\/wp-content\/uploads\/2025\/03\/Alte_Kelter_Winnenden_Nutzung-1-1024x384.jpg\" alt=\"Alte Kelter Winnenden \u00b7 S\u00fcdkelter\" class=\"wp-image-130\" srcset=\"https:\/\/alte-kelter-winnenden.de\/wp-content\/uploads\/2025\/03\/Alte_Kelter_Winnenden_Nutzung-1-1024x384.jpg 1024w, https:\/\/alte-kelter-winnenden.de\/wp-content\/uploads\/2025\/03\/Alte_Kelter_Winnenden_Nutzung-1-300x113.jpg 300w, https:\/\/alte-kelter-winnenden.de\/wp-content\/uploads\/2025\/03\/Alte_Kelter_Winnenden_Nutzung-1-768x288.jpg 768w, https:\/\/alte-kelter-winnenden.de\/wp-content\/uploads\/2025\/03\/Alte_Kelter_Winnenden_Nutzung-1.jpg 1146w\" sizes=\"auto, (max-width: 1024px) 100vw, 1024px\" \/><figcaption class=\"wp-element-caption\">Alte Kelter Winnenden \u00b7 S\u00fcdkelter<\/figcaption><\/figure>\n\n\n\n<p><strong>Dokumente zum Herunterladen<\/strong><\/p>\n\n\n\n<div data-wp-interactive=\"core\/file\" class=\"wp-block-file\"><object data-wp-bind--hidden=\"!state.hasPdfPreview\" hidden class=\"wp-block-file__embed\" data=\"https:\/\/alte-kelter-winnenden.de\/wp-content\/uploads\/2025\/03\/V_A_Kelter_Nutzungshinweise_2024.pdf\" type=\"application\/pdf\" style=\"width:100%;height:600px\" aria-label=\"Einbettung von V_A_Kelter_Nutzungshinweise_2024.\"><\/object><a id=\"wp-block-file--media-c52bc5af-6c89-4dc4-8713-10552d1e71f7\" href=\"https:\/\/alte-kelter-winnenden.de\/wp-content\/uploads\/2025\/03\/V_A_Kelter_Nutzungshinweise_2024.pdf\">V_A_Kelter_Nutzungshinweise_2024<\/a><a href=\"https:\/\/alte-kelter-winnenden.de\/wp-content\/uploads\/2025\/03\/V_A_Kelter_Nutzungshinweise_2024.pdf\" class=\"wp-block-file__button wp-element-button\" download aria-describedby=\"wp-block-file--media-c52bc5af-6c89-4dc4-8713-10552d1e71f7\">Herunterladen<\/a><\/div>\n\n\n\n<div data-wp-interactive=\"core\/file\" class=\"wp-block-file\"><object data-wp-bind--hidden=\"!state.hasPdfPreview\" hidden class=\"wp-block-file__embed\" data=\"https:\/\/alte-kelter-winnenden.de\/wp-content\/uploads\/2025\/03\/FV_A_Kelter_Aufnahmeantrag_2024_05.pdf\" type=\"application\/pdf\" style=\"width:100%;height:600px\" aria-label=\"Einbettung von FV_A_Kelter_Aufnahmeantrag_2024_05.\"><\/object><a id=\"wp-block-file--media-5b0e70a7-7c43-4cdb-98fe-a8a03eb1c556\" href=\"https:\/\/alte-kelter-winnenden.de\/wp-content\/uploads\/2025\/03\/FV_A_Kelter_Aufnahmeantrag_2024_05.pdf\">FV_A_Kelter_Aufnahmeantrag_2024_05<\/a><a href=\"https:\/\/alte-kelter-winnenden.de\/wp-content\/uploads\/2025\/03\/FV_A_Kelter_Aufnahmeantrag_2024_05.pdf\" class=\"wp-block-file__button wp-element-button\" download aria-describedby=\"wp-block-file--media-5b0e70a7-7c43-4cdb-98fe-a8a03eb1c556\">Herunterladen<\/a><\/div>\n\n\n\n<figure class=\"wp-block-image size-full\"><img loading=\"lazy\" decoding=\"async\" width=\"573\" height=\"215\" src=\"https:\/\/alte-kelter-winnenden.de\/wp-content\/uploads\/2025\/03\/Alte_Kelter_Winnenden_Nutzung.jpg\" alt=\"Alte Kelter Winnenden \u00b7 Nutzung S\u00fcdkelter\" class=\"wp-image-57\" srcset=\"https:\/\/alte-kelter-winnenden.de\/wp-content\/uploads\/2025\/03\/Alte_Kelter_Winnenden_Nutzung.jpg 573w, https:\/\/alte-kelter-winnenden.de\/wp-content\/uploads\/2025\/03\/Alte_Kelter_Winnenden_Nutzung-300x113.jpg 300w\" sizes=\"auto, (max-width: 573px) 100vw, 573px\" \/><figcaption class=\"wp-element-caption\">Alte Kelter Winnenden \u00b7 Nutzung S\u00fcdkelter<\/figcaption><\/figure>\n\n\n\n<figure class=\"wp-block-image size-full\"><img loading=\"lazy\" decoding=\"async\" width=\"573\" height=\"382\" src=\"https:\/\/alte-kelter-winnenden.de\/wp-content\/uploads\/2025\/03\/Obleser_Alte_Kelter_Winnenden.jpg\" alt=\"Alte Kelter Winnenden \u00b7 Foto: Lorenz Obleser\" class=\"wp-image-58\" srcset=\"https:\/\/alte-kelter-winnenden.de\/wp-content\/uploads\/2025\/03\/Obleser_Alte_Kelter_Winnenden.jpg 573w, https:\/\/alte-kelter-winnenden.de\/wp-content\/uploads\/2025\/03\/Obleser_Alte_Kelter_Winnenden-300x200.jpg 300w\" sizes=\"auto, (max-width: 573px) 100vw, 573px\" \/><figcaption class=\"wp-element-caption\">Alte Kelter Winnenden \u00b7 Foto: Lorenz Obleser<\/figcaption><\/figure>\n","protected":false},"excerpt":{"rendered":"<p>Die R\u00e4umlichkeiten in der Alten Kelter Winnenden stehen den Mitgliedern unseres gemeinn\u00fctzigen und am Gemeinwohl orientierten Vereins zur nicht-kommerziellen Nutzung zur Verf\u00fcgung. In diesem Sinne dienen die R\u00e4umlichkeiten der F\u00f6rderung [&hellip;]<\/p>\n","protected":false},"author":1,"featured_media":0,"parent":0,"menu_order":0,"comment_status":"closed","ping_status":"closed","template":"","meta":{"_EventAllDay":false,"_EventTimezone":"","_EventStartDate":"","_EventEndDate":"","_EventStartDateUTC":"","_EventEndDateUTC":"","_EventShowMap":false,"_EventShowMapLink":false,"_EventURL":"","_EventCost":"","_EventCostDescription":"","_EventCurrencySymbol":"","_EventCurrencyCode":"","_EventCurrencyPosition":"","_EventDateTimeSeparator":"","_EventTimeRangeSeparator":"","_EventOrganizerID":[],"_EventVenueID":[],"_OrganizerEmail":"","_OrganizerPhone":"","_OrganizerWebsite":"","_VenueAddress":"","_VenueCity":"","_VenueCountry":"","_VenueProvince":"","_VenueState":"","_VenueZip":"","_VenuePhone":"","_VenueURL":"","_VenueStateProvince":"","_VenueLat":"","_VenueLng":"","_VenueShowMap":false,"_VenueShowMapLink":false,"_tribe_blocks_recurrence_rules":"","_tribe_blocks_recurrence_description":"","_tribe_blocks_recurrence_exclusions":"","footnotes":""},"class_list":["post-41","page","type-page","status-publish","hentry"],"_links":{"self":[{"href":"https:\/\/alte-kelter-winnenden.de\/willkommen\/wp-json\/wp\/v2\/pages\/41","targetHints":{"allow":["GET"]}}],"collection":[{"href":"https:\/\/alte-kelter-winnenden.de\/willkommen\/wp-json\/wp\/v2\/pages"}],"about":[{"href":"https:\/\/alte-kelter-winnenden.de\/willkommen\/wp-json\/wp\/v2\/types\/page"}],"author":[{"embeddable":true,"href":"https:\/\/alte-kelter-winnenden.de\/willkommen\/wp-json\/wp\/v2\/users\/1"}],"replies":[{"embeddable":true,"href":"https:\/\/alte-kelter-winnenden.de\/willkommen\/wp-json\/wp\/v2\/comments?post=41"}],"version-history":[{"count":7,"href":"https:\/\/alte-kelter-winnenden.de\/willkommen\/wp-json\/wp\/v2\/pages\/41\/revisions"}],"predecessor-version":[{"id":169,"href":"https:\/\/alte-kelter-winnenden.de\/willkommen\/wp-json\/wp\/v2\/pages\/41\/revisions\/169"}],"wp:attachment":[{"href":"https:\/\/alte-kelter-winnenden.de\/willkommen\/wp-json\/wp\/v2\/media?parent=41"}],"curies":[{"name":"wp","href":"https:\/\/api.w.org\/{rel}","templated":true}]}}